{"id":1576,"date":"2021-02-13T16:44:25","date_gmt":"2021-02-13T15:44:25","guid":{"rendered":"https:\/\/auslaenderaemter.com\/?page_id=1576"},"modified":"2022-07-04T18:24:13","modified_gmt":"2022-07-04T16:24:13","slug":"auslaenderamt-buehl","status":"publish","type":"page","link":"https:\/\/auslaenderaemter.com\/fr\/bureau-dimmigration-buehl\/","title":{"rendered":"Office des \u00e9trangers Buehl"},"content":{"rendered":"<h2>Bureau de l&#039;immigration \/ Bureau de l&#039;immigration \u00e0 B\u00fchl \u2013 adresse et adresse pour les visiteurs<\/h2>\n<ul>\n<li><strong>Adresse:<\/strong> Administration municipale Bureau des \u00e9trangers de B\u00fchl, Hauptstr. 47, 77815 Buehl, Bade<\/li>\n<li><strong>T\u00e9l\u00e9phoner:<\/strong> 07223 935-361<\/li>\n<li><strong>Fax:<\/strong> 07223 935-77361<strong><br \/>\n<\/strong><\/li>\n<li><strong>E-mail: <\/strong><a href=\"mailto:stadt@buehl.de\">stadt@buehl.de<\/a><\/li>\n<li><strong>Site Internet: <\/strong><a href=\"https:\/\/www.buehl.de\/willkommen\" target=\"_blank\" rel=\"noopener\">www.buehl.de<\/a><\/li>\n<li><strong>Horaires d&#039;ouvertures:<\/strong> voir site web<\/li>\n<\/ul>\n<p><iframe style=\"border: 0;\" tabindex=\"0\" src=\"https:\/\/www.google.com\/maps\/embed?pb=!1m18!1m12!1m3!1d2633.5174135590755!2d8.133467215898827!3d48.695590620109215!2m3!1f0!2f0!3f0!3m2!1i1024!2i768!4f13.1!3m3!1m2!1s0x4796df60d0fb140b%3A0x9b73f3188e45f9bc!2sStadt%20B%C3%BChl!5e0!3m2!1sde!2sde!4v1613231053199!5m2!1sde!2sde\" width=\"600\" height=\"450\" frameborder=\"0\" allowfullscreen=\"allowfullscreen\" aria-hidden=\"false\"><\/iframe><\/p>\n<h3><strong>Rendez-vous au <\/strong>Autorit\u00e9 des \u00e9trangers <strong>\u00e0 B\u00fchl<\/strong><\/h3>\n<p>Dans la plupart des cas, vous pouvez prendre rendez-vous par t\u00e9l\u00e9phone, en utilisant le formulaire de contact ou via le portail de services de la ville concern\u00e9e. Assurez-vous d&#039;avoir tous les documents n\u00e9cessaires avant de vous rendre au bureau de l&#039;immigration.<\/p>\n<div class=\"su-note\"  style=\"border-color:#dadbdd;border-radius:2px;-moz-border-radius:2px;-webkit-border-radius:2px;\"><div class=\"su-note-inner su-u-clearfix su-u-trim\" style=\"background-color:#f4f5f7;border-color:#ffffff;color:#333333;border-radius:2px;-moz-border-radius:2px;-webkit-border-radius:2px;\"><strong>Un avis:<\/strong> Pour les offices, les autorit\u00e9s ou les tribunaux, vous avez g\u00e9n\u00e9ralement besoin des documents, certificats ou certificats comme <a href=\"https:\/\/auslaenderaemter.com\/fr\/traduction-certifiee-de-documents-officiels\/\">traduction certifi\u00e9e<\/a>.<\/div><\/div>\n<ul>\n<li>Avec un <a href=\"https:\/\/auslaenderaemter.com\/fr\/declaration-dengagement\/\">d\u00e9claration d&#039;engagement<\/a> vous pouvez autoriser les visiteurs \u00e9trangers \u00e0 entrer en Allemagne.<\/li>\n<li><strong>Vous attendez des visiteurs de l&#039;\u00e9tranger ?<\/strong> Avec un <a href=\"https:\/\/tidd.ly\/3u98xUL\" target=\"_blank\" rel=\"nofollow noopener\">Assurance maladie de voyage pour les invit\u00e9s \u00e9trangers<\/a>* vous \u00eates enti\u00e8rement prot\u00e9g\u00e9 en Allemagne et en Europe.<\/li>\n<\/ul>\n<h3>Autres autorit\u00e9s d&#039;immigration<\/h3>\n<ul>\n<li><a href=\"https:\/\/auslaenderaemter.com\/fr\/bureaux-dimmigration-en-bade-wurtemberg\/\">Bureaux d&#039;immigration dans le Bade-Wurtemberg<\/a><\/li>\n<li><a href=\"https:\/\/auslaenderaemter.com\/fr\/\">Bureaux d&#039;immigration en Allemagne<\/a><\/li>\n<\/ul>","protected":false},"excerpt":{"rendered":"<p>Office des \u00e9trangers \/ service des \u00e9trangers \u00e0 B\u00fchl - adresse et adresse pour les visiteurs Adresse : Bureau des \u00e9trangers de l&#039;administration municipale de B\u00fchl, Hauptstr. 47, 77815 B\u00fchl, Baden T\u00e9l\u00e9phone : 07223 935-361 Fax : 07223 935-77361 E-mail : stadt@buehl.de Site Internet : www.buehl.de Horaires d&#039;ouverture : voir site Internet Rendez-vous au bureau des \u00e9trangers de B\u00fchl Dans la plupart des cas, vous peut par t\u00e9l\u00e9phone, via le formulaire de contact ou via le portail de services de la ville concern\u00e9e\u2026&nbsp;<a href=\"https:\/\/auslaenderaemter.com\/fr\/bureau-dimmigration-buehl\/\" rel=\"bookmark\">En savoir plus &quot;<span class=\"screen-reader-text\">Office des \u00e9trangers Buehl<\/span><\/a><\/p>","protected":false},"author":1,"featured_media":37,"parent":0,"menu_order":0,"comment_status":"closed","ping_status":"closed","template":"","meta":{"neve_meta_sidebar":"full-width","neve_meta_container":"","neve_meta_enable_content_width":"on","neve_meta_content_width":100,"neve_meta_title_alignment":"","neve_meta_author_avatar":"","neve_post_elements_order":"","neve_meta_disable_header":"","neve_meta_disable_footer":"","neve_meta_disable_title":"","neve_meta_reading_time":"","footnotes":""},"class_list":["post-1576","page","type-page","status-publish","has-post-thumbnail","hentry"],"yoast_head":"<!-- This site is optimized with the Yoast SEO plugin v27.5 - https:\/\/yoast.com\/product\/yoast-seo-wordpress\/ -->\n<title>Ausl\u00e4nderamt B\u00fchl | Adresse, Kontakt und \u00d6ffnungszeiten<\/title>\n<meta name=\"description\" content=\"Ausl\u00e4nderamt B\u00fchl | Adresse und Anschrift \u2713 Telefonnummer, Kontakt und \u00d6ffnungszeiten \u2713 Anfahrt \u2713 Ausl\u00e4nderbeh\u00f6rden in Deutschland\" \/>\n<meta name=\"robots\" content=\"index, follow, max-snippet:-1, max-image-preview:large, max-video-preview:-1\" \/>\n<link rel=\"canonical\" href=\"https:\/\/auslaenderaemter.com\/fr\/bureau-dimmigration-buehl\/\" \/>\n<meta property=\"og:locale\" content=\"fr_FR\" \/>\n<meta property=\"og:type\" content=\"article\" \/>\n<meta property=\"og:title\" content=\"Ausl\u00e4nderamt B\u00fchl | Adresse, Kontakt und \u00d6ffnungszeiten\" \/>\n<meta property=\"og:description\" content=\"Ausl\u00e4nderamt B\u00fchl | Adresse und Anschrift \u2713 Telefonnummer, Kontakt und \u00d6ffnungszeiten \u2713 Anfahrt \u2713 Ausl\u00e4nderbeh\u00f6rden in Deutschland\" \/>\n<meta property=\"og:url\" content=\"https:\/\/auslaenderaemter.com\/fr\/bureau-dimmigration-buehl\/\" \/>\n<meta property=\"og:site_name\" content=\"auslaenderaemter.com\" \/>\n<meta property=\"article:modified_time\" content=\"2022-07-04T16:24:13+00:00\" \/>\n<meta property=\"og:image\" content=\"https:\/\/auslaenderaemter.com\/wp-content\/uploads\/2021\/01\/city-263069_640.jpg\" \/>\n\t<meta property=\"og:image:width\" content=\"640\" \/>\n\t<meta property=\"og:image:height\" content=\"480\" \/>\n\t<meta property=\"og:image:type\" content=\"image\/jpeg\" \/>\n<meta name=\"twitter:card\" content=\"summary_large_image\" \/>\n<meta name=\"twitter:label1\" content=\"Dur\u00e9e de lecture estim\u00e9e\" \/>\n\t<meta name=\"twitter:data1\" content=\"1 minute\" \/>\n<script type=\"application\/ld+json\" class=\"yoast-schema-graph\">{\"@context\":\"https:\\\/\\\/schema.org\",\"@graph\":[{\"@type\":\"WebPage\",\"@id\":\"https:\\\/\\\/auslaenderaemter.com\\\/auslaenderamt-buehl\\\/\",\"url\":\"https:\\\/\\\/auslaenderaemter.com\\\/auslaenderamt-buehl\\\/\",\"name\":\"Ausl\u00e4nderamt B\u00fchl | Adresse, Kontakt und \u00d6ffnungszeiten\",\"isPartOf\":{\"@id\":\"https:\\\/\\\/auslaenderaemter.com\\\/#website\"},\"primaryImageOfPage\":{\"@id\":\"https:\\\/\\\/auslaenderaemter.com\\\/auslaenderamt-buehl\\\/#primaryimage\"},\"image\":{\"@id\":\"https:\\\/\\\/auslaenderaemter.com\\\/auslaenderamt-buehl\\\/#primaryimage\"},\"thumbnailUrl\":\"https:\\\/\\\/auslaenderaemter.com\\\/wp-content\\\/uploads\\\/2021\\\/01\\\/city-263069_640.jpg\",\"datePublished\":\"2021-02-13T15:44:25+00:00\",\"dateModified\":\"2022-07-04T16:24:13+00:00\",\"description\":\"Ausl\u00e4nderamt B\u00fchl | Adresse und Anschrift \u2713 Telefonnummer, Kontakt und \u00d6ffnungszeiten \u2713 Anfahrt \u2713 Ausl\u00e4nderbeh\u00f6rden in Deutschland\",\"breadcrumb\":{\"@id\":\"https:\\\/\\\/auslaenderaemter.com\\\/auslaenderamt-buehl\\\/#breadcrumb\"},\"inLanguage\":\"fr-FR\",\"potentialAction\":[{\"@type\":\"ReadAction\",\"target\":[\"https:\\\/\\\/auslaenderaemter.com\\\/auslaenderamt-buehl\\\/\"]}]},{\"@type\":\"ImageObject\",\"inLanguage\":\"fr-FR\",\"@id\":\"https:\\\/\\\/auslaenderaemter.com\\\/auslaenderamt-buehl\\\/#primaryimage\",\"url\":\"https:\\\/\\\/auslaenderaemter.com\\\/wp-content\\\/uploads\\\/2021\\\/01\\\/city-263069_640.jpg\",\"contentUrl\":\"https:\\\/\\\/auslaenderaemter.com\\\/wp-content\\\/uploads\\\/2021\\\/01\\\/city-263069_640.jpg\",\"width\":640,\"height\":480,\"caption\":\"Ausl\u00e4nder\u00e4mter in Deutschland\"},{\"@type\":\"BreadcrumbList\",\"@id\":\"https:\\\/\\\/auslaenderaemter.com\\\/auslaenderamt-buehl\\\/#breadcrumb\",\"itemListElement\":[{\"@type\":\"ListItem\",\"position\":1,\"name\":\"Startseite\",\"item\":\"https:\\\/\\\/auslaenderaemter.com\\\/\"},{\"@type\":\"ListItem\",\"position\":2,\"name\":\"Ausl\u00e4nderamt B\u00fchl\"}]},{\"@type\":\"WebSite\",\"@id\":\"https:\\\/\\\/auslaenderaemter.com\\\/#website\",\"url\":\"https:\\\/\\\/auslaenderaemter.com\\\/\",\"name\":\"auslaenderaemter.com\",\"description\":\"\",\"publisher\":{\"@id\":\"https:\\\/\\\/auslaenderaemter.com\\\/#organization\"},\"potentialAction\":[{\"@type\":\"SearchAction\",\"target\":{\"@type\":\"EntryPoint\",\"urlTemplate\":\"https:\\\/\\\/auslaenderaemter.com\\\/?s={search_term_string}\"},\"query-input\":{\"@type\":\"PropertyValueSpecification\",\"valueRequired\":true,\"valueName\":\"search_term_string\"}}],\"inLanguage\":\"fr-FR\"},{\"@type\":\"Organization\",\"@id\":\"https:\\\/\\\/auslaenderaemter.com\\\/#organization\",\"name\":\"auslaenderaemter.com\",\"url\":\"https:\\\/\\\/auslaenderaemter.com\\\/\",\"logo\":{\"@type\":\"ImageObject\",\"inLanguage\":\"fr-FR\",\"@id\":\"https:\\\/\\\/auslaenderaemter.com\\\/#\\\/schema\\\/logo\\\/image\\\/\",\"url\":\"https:\\\/\\\/auslaenderaemter.com\\\/wp-content\\\/uploads\\\/2021\\\/01\\\/cropped-Vollmond-info-13.png\",\"contentUrl\":\"https:\\\/\\\/auslaenderaemter.com\\\/wp-content\\\/uploads\\\/2021\\\/01\\\/cropped-Vollmond-info-13.png\",\"width\":500,\"height\":117,\"caption\":\"auslaenderaemter.com\"},\"image\":{\"@id\":\"https:\\\/\\\/auslaenderaemter.com\\\/#\\\/schema\\\/logo\\\/image\\\/\"}}]}<\/script>\n<!-- \/ Yoast SEO plugin. -->","yoast_head_json":{"title":"Office des \u00e9trangers B\u00fchl | Adresse, contact et heures d&#039;ouverture","description":"Office des \u00e9trangers B\u00fchl | Adresse et adresse \u2713 Num\u00e9ro de t\u00e9l\u00e9phone, contact et heures d&#039;ouverture \u2713 Itin\u00e9raire \u2713 Autorit\u00e9s de l&#039;immigration en Allemagne","robots":{"index":"index","follow":"follow","max-snippet":"max-snippet:-1","max-image-preview":"max-image-preview:large","max-video-preview":"max-video-preview:-1"},"canonical":"https:\/\/auslaenderaemter.com\/fr\/bureau-dimmigration-buehl\/","og_locale":"fr_FR","og_type":"article","og_title":"Ausl\u00e4nderamt B\u00fchl | Adresse, Kontakt und \u00d6ffnungszeiten","og_description":"Ausl\u00e4nderamt B\u00fchl | Adresse und Anschrift \u2713 Telefonnummer, Kontakt und \u00d6ffnungszeiten \u2713 Anfahrt \u2713 Ausl\u00e4nderbeh\u00f6rden in Deutschland","og_url":"https:\/\/auslaenderaemter.com\/fr\/bureau-dimmigration-buehl\/","og_site_name":"auslaenderaemter.com","article_modified_time":"2022-07-04T16:24:13+00:00","og_image":[{"width":640,"height":480,"url":"https:\/\/auslaenderaemter.com\/wp-content\/uploads\/2021\/01\/city-263069_640.jpg","type":"image\/jpeg"}],"twitter_card":"summary_large_image","twitter_misc":{"Dur\u00e9e de lecture estim\u00e9e":"1 minute"},"schema":{"@context":"https:\/\/schema.org","@graph":[{"@type":"WebPage","@id":"https:\/\/auslaenderaemter.com\/auslaenderamt-buehl\/","url":"https:\/\/auslaenderaemter.com\/auslaenderamt-buehl\/","name":"Office des \u00e9trangers B\u00fchl | Adresse, contact et heures d&#039;ouverture","isPartOf":{"@id":"https:\/\/auslaenderaemter.com\/#website"},"primaryImageOfPage":{"@id":"https:\/\/auslaenderaemter.com\/auslaenderamt-buehl\/#primaryimage"},"image":{"@id":"https:\/\/auslaenderaemter.com\/auslaenderamt-buehl\/#primaryimage"},"thumbnailUrl":"https:\/\/auslaenderaemter.com\/wp-content\/uploads\/2021\/01\/city-263069_640.jpg","datePublished":"2021-02-13T15:44:25+00:00","dateModified":"2022-07-04T16:24:13+00:00","description":"Office des \u00e9trangers B\u00fchl | Adresse et adresse \u2713 Num\u00e9ro de t\u00e9l\u00e9phone, contact et heures d&#039;ouverture \u2713 Itin\u00e9raire \u2713 Autorit\u00e9s de l&#039;immigration en Allemagne","breadcrumb":{"@id":"https:\/\/auslaenderaemter.com\/auslaenderamt-buehl\/#breadcrumb"},"inLanguage":"fr-FR","potentialAction":[{"@type":"ReadAction","target":["https:\/\/auslaenderaemter.com\/auslaenderamt-buehl\/"]}]},{"@type":"ImageObject","inLanguage":"fr-FR","@id":"https:\/\/auslaenderaemter.com\/auslaenderamt-buehl\/#primaryimage","url":"https:\/\/auslaenderaemter.com\/wp-content\/uploads\/2021\/01\/city-263069_640.jpg","contentUrl":"https:\/\/auslaenderaemter.com\/wp-content\/uploads\/2021\/01\/city-263069_640.jpg","width":640,"height":480,"caption":"Ausl\u00e4nder\u00e4mter in Deutschland"},{"@type":"BreadcrumbList","@id":"https:\/\/auslaenderaemter.com\/auslaenderamt-buehl\/#breadcrumb","itemListElement":[{"@type":"ListItem","position":1,"name":"Startseite","item":"https:\/\/auslaenderaemter.com\/"},{"@type":"ListItem","position":2,"name":"Ausl\u00e4nderamt B\u00fchl"}]},{"@type":"WebSite","@id":"https:\/\/auslaenderaemter.com\/#website","url":"https:\/\/auslaenderaemter.com\/","name":"auslaenderaemter.com","description":"","publisher":{"@id":"https:\/\/auslaenderaemter.com\/#organization"},"potentialAction":[{"@type":"SearchAction","target":{"@type":"EntryPoint","urlTemplate":"https:\/\/auslaenderaemter.com\/?s={search_term_string}"},"query-input":{"@type":"PropertyValueSpecification","valueRequired":true,"valueName":"search_term_string"}}],"inLanguage":"fr-FR"},{"@type":"Organization","@id":"https:\/\/auslaenderaemter.com\/#organization","name":"auslaenderaemter.com","url":"https:\/\/auslaenderaemter.com\/","logo":{"@type":"ImageObject","inLanguage":"fr-FR","@id":"https:\/\/auslaenderaemter.com\/#\/schema\/logo\/image\/","url":"https:\/\/auslaenderaemter.com\/wp-content\/uploads\/2021\/01\/cropped-Vollmond-info-13.png","contentUrl":"https:\/\/auslaenderaemter.com\/wp-content\/uploads\/2021\/01\/cropped-Vollmond-info-13.png","width":500,"height":117,"caption":"auslaenderaemter.com"},"image":{"@id":"https:\/\/auslaenderaemter.com\/#\/schema\/logo\/image\/"}}]}},"_links":{"self":[{"href":"https:\/\/auslaenderaemter.com\/fr\/wp-json\/wp\/v2\/pages\/1576","targetHints":{"allow":["GET"]}}],"collection":[{"href":"https:\/\/auslaenderaemter.com\/fr\/wp-json\/wp\/v2\/pages"}],"about":[{"href":"https:\/\/auslaenderaemter.com\/fr\/wp-json\/wp\/v2\/types\/page"}],"author":[{"embeddable":true,"href":"https:\/\/auslaenderaemter.com\/fr\/wp-json\/wp\/v2\/users\/1"}],"replies":[{"embeddable":true,"href":"https:\/\/auslaenderaemter.com\/fr\/wp-json\/wp\/v2\/comments?post=1576"}],"version-history":[{"count":0,"href":"https:\/\/auslaenderaemter.com\/fr\/wp-json\/wp\/v2\/pages\/1576\/revisions"}],"wp:featuredmedia":[{"embeddable":true,"href":"https:\/\/auslaenderaemter.com\/fr\/wp-json\/wp\/v2\/media\/37"}],"wp:attachment":[{"href":"https:\/\/auslaenderaemter.com\/fr\/wp-json\/wp\/v2\/media?parent=1576"}],"curies":[{"name":"wp","href":"https:\/\/api.w.org\/{rel}","templated":true}]}}